{"id":476,"date":"2017-09-27T13:02:25","date_gmt":"2017-09-27T10:02:25","guid":{"rendered":"https:\/\/arkistojenpaiva.wordpress.com\/?page_id=476"},"modified":"2026-08-31T14:48:52","modified_gmt":"2026-08-31T14:48:52","slug":"arets-tema-finland-100","status":"publish","type":"page","link":"https:\/\/musiikkiarkisto.fi\/ap\/index.php\/arets-tema-finland-100\/","title":{"rendered":"\u00c5rets tema"},"content":{"rendered":"<div class=\"wp-block-image\">\n<figure class=\"aligncenter\"><img loading=\"lazy\" decoding=\"async\" width=\"1066\" height=\"1000\" src=\"https:\/\/musiikkiarkisto.fi\/ap\/wp-content\/uploads\/2022\/06\/rauhanmarssi1962iso.jpg\" alt=\"Rauhanmarssi 1962\" class=\"wp-image-1130\" srcset=\"https:\/\/musiikkiarkisto.fi\/ap\/wp-content\/uploads\/2022\/06\/rauhanmarssi1962iso.jpg 1066w, https:\/\/musiikkiarkisto.fi\/ap\/wp-content\/uploads\/2022\/06\/rauhanmarssi1962iso-300x281.jpg 300w, https:\/\/musiikkiarkisto.fi\/ap\/wp-content\/uploads\/2022\/06\/rauhanmarssi1962iso-1024x961.jpg 1024w, https:\/\/musiikkiarkisto.fi\/ap\/wp-content\/uploads\/2022\/06\/rauhanmarssi1962iso-768x720.jpg 768w\" sizes=\"auto, (max-width: 1066px) 100vw, 1066px\" \/><\/figure>\n<\/div>\n\n\n<p class=\"wp-block-paragraph\"><em>Rauhanmarssi (1962), Kuva: Yrj\u00f6 Lintunen. Kansan Arkisto KansA135135.<\/em><\/p>\n\n\n\n<h4 class=\"wp-block-heading\"><strong>Temat f\u00f6r Arkivens dag 2026 \u00e4r <strong><strong>Arkiven och medborgarsamh\u00e4lle<\/strong><\/strong><\/strong>.<\/h4>\n\n\n\n<p class=\"wp-block-paragraph\">Vi bjuder in alla arkiv i Finland till att arrangera program och evenemang f\u00f6r att uppm\u00e4rksamma firandet av Arkivens dag 2026.<\/p>\n\n\n\n<p class=\"wp-block-paragraph\">\u00c5rets tema \u00e4r \u201dArkiven och medborgarsamh\u00e4llet\u201d. Temat f\u00f6r Arkivens dag kan tolkas brett och till\u00e4mpas fritt fr\u00e5n arkivens egna utg\u00e5ngspunkter. Endast fantasin s\u00e4tter gr\u00e4nser!<\/p>\n\n\n\n<p class=\"wp-block-paragraph\">Arkivens dag firas 14.11.2026. Datumet \u00e4r inte bindande \u2013 det g\u00e5r bra att fira dagen p\u00e5 en vardag under samma eller f\u00f6ljande vecka.&nbsp;<\/p>\n\n\n\n<h5 class=\"wp-block-heading\"><strong>Tidigare teman<\/strong><\/h5>\n\n\n\n<p class=\"wp-block-paragraph\"><br><strong>1998<\/strong>&nbsp;Arkivens Dag<\/p>\n\n\n\n<p class=\"wp-block-paragraph\"><strong>1999<\/strong>&nbsp;M\u00e4nniskor i sekelsiftet<\/p>\n\n\n\n<p class=\"wp-block-paragraph\"><strong>2000<\/strong>&nbsp;Skola, folkbildning, utbildning<\/p>\n\n\n\n<p class=\"wp-block-paragraph\"><strong>2001<\/strong>&nbsp;K\u00e4rlek i arkiven<\/p>\n\n\n\n<p class=\"wp-block-paragraph\"><strong>2002<\/strong>&nbsp;Skandaler<\/p>\n\n\n\n<p class=\"wp-block-paragraph\"><strong>2003<\/strong>&nbsp;Idrott, kultur och h\u00e4lsa<\/p>\n\n\n\n<p class=\"wp-block-paragraph\"><strong>2004<\/strong>&nbsp;Offentliga platser<\/p>\n\n\n\n<p class=\"wp-block-paragraph\"><strong>2005<\/strong>&nbsp;Identitet<\/p>\n\n\n\n<p class=\"wp-block-paragraph\"><strong>2006<\/strong>&nbsp;Demokrati och\/eller invandrare<\/p>\n\n\n\n<p class=\"wp-block-paragraph\"><strong>2007<\/strong>&nbsp;M\u00e4nniskan i arkivet<\/p>\n\n\n\n<p class=\"wp-block-paragraph\"><strong>2008<\/strong>&nbsp;Bilden i f\u00f6r\u00e4ndring<\/p>\n\n\n\n<p class=\"wp-block-paragraph\"><strong>2009<\/strong>&nbsp;Gl\u00f6mska<\/p>\n\n\n\n<p class=\"wp-block-paragraph\"><strong>2010<\/strong>&nbsp;V\u00e4der och klimat<\/p>\n\n\n\n<p class=\"wp-block-paragraph\"><strong>2011&nbsp;<\/strong>\u00d6ppenhet<\/p>\n\n\n\n<p class=\"wp-block-paragraph\"><strong>2012<\/strong> Form och format<\/p>\n\n\n\n<p class=\"wp-block-paragraph\"><strong>2013 <\/strong>En resa i arkiven<\/p>\n\n\n\n<p class=\"wp-block-paragraph\"><strong>2014<\/strong> K\u00e4nslor<\/p>\n\n\n\n<p class=\"wp-block-paragraph\"><strong>2015<\/strong> Gr\u00e4nsl\u00f6st<\/p>\n\n\n\n<p class=\"wp-block-paragraph\"><strong>2016<\/strong> Yttrandefrihet<\/p>\n\n\n\n<p class=\"wp-block-paragraph\"><strong>2017<\/strong> Finland 100<\/p>\n\n\n\n<p class=\"wp-block-paragraph\"><strong>2018<\/strong> Arkiven, v\u00e5rt gemensamma kulturarv<\/p>\n\n\n\n<p class=\"wp-block-paragraph\"><strong>2019<\/strong> G\u00f6mt eller gl\u00f6mt<\/p>\n\n\n\n<p class=\"wp-block-paragraph\"><strong>2020<\/strong> Epidemier<\/p>\n\n\n\n<p class=\"wp-block-paragraph\"><strong>2021<\/strong> Barn I arkivet<\/p>\n\n\n\n<p class=\"wp-block-paragraph\"><strong>2022<\/strong> Fred och v\u00e4nskap<\/p>\n\n\n\n<p class=\"wp-block-paragraph\"><strong>2023<\/strong> Arkivet och djur<\/p>\n\n\n\n<p class=\"wp-block-paragraph\"><strong>2024<\/strong> Arkivet och h\u00e5llbar utveckling<\/p>\n\n\n\n<p class=\"wp-block-paragraph\"><strong>2025 <\/strong>Natur och friluftsliv<\/p>\n","protected":false},"excerpt":{"rendered":"<p>Rauhanmarssi (1962), Kuva: Yrj\u00f6 Lintunen. Kansan Arkisto KansA135135. Temat f\u00f6r Arkivens dag 2026 \u00e4r Arkiven och medborgarsamh\u00e4lle. Vi bjuder in alla arkiv i Finland till att arrangera program och evenemang f\u00f6r att uppm\u00e4rksamma firandet av Arkivens dag 2026. \u00c5rets tema \u00e4r \u201dArkiven och medborgarsamh\u00e4llet\u201d. Temat f\u00f6r Arkivens dag kan tolkas brett och till\u00e4mpas fritt fr\u00e5n [&hellip;]<\/p>\n","protected":false},"author":1,"featured_media":0,"parent":0,"menu_order":0,"comment_status":"closed","ping_status":"closed","template":"","meta":{"footnotes":""},"class_list":["post-476","page","type-page","status-publish","hentry"],"_links":{"self":[{"href":"https:\/\/musiikkiarkisto.fi\/ap\/index.php\/wp-json\/wp\/v2\/pages\/476","targetHints":{"allow":["GET"]}}],"collection":[{"href":"https:\/\/musiikkiarkisto.fi\/ap\/index.php\/wp-json\/wp\/v2\/pages"}],"about":[{"href":"https:\/\/musiikkiarkisto.fi\/ap\/index.php\/wp-json\/wp\/v2\/types\/page"}],"author":[{"embeddable":true,"href":"https:\/\/musiikkiarkisto.fi\/ap\/index.php\/wp-json\/wp\/v2\/users\/1"}],"replies":[{"embeddable":true,"href":"https:\/\/musiikkiarkisto.fi\/ap\/index.php\/wp-json\/wp\/v2\/comments?post=476"}],"version-history":[{"count":18,"href":"https:\/\/musiikkiarkisto.fi\/ap\/index.php\/wp-json\/wp\/v2\/pages\/476\/revisions"}],"predecessor-version":[{"id":1355,"href":"https:\/\/musiikkiarkisto.fi\/ap\/index.php\/wp-json\/wp\/v2\/pages\/476\/revisions\/1355"}],"wp:attachment":[{"href":"https:\/\/musiikkiarkisto.fi\/ap\/index.php\/wp-json\/wp\/v2\/media?parent=476"}],"curies":[{"name":"wp","href":"https:\/\/api.w.org\/{rel}","templated":true}]}}