{"id":44,"date":"2011-07-08T03:25:58","date_gmt":"2011-07-08T03:25:58","guid":{"rendered":"http:\/\/www.archives.local\/?page_id=44"},"modified":"2025-08-18T13:11:04","modified_gmt":"2025-08-18T13:11:04","slug":"vuoden-teema","status":"publish","type":"page","link":"https:\/\/musiikkiarkisto.fi\/ap\/index.php\/vuoden-teema\/","title":{"rendered":"Vuoden teema"},"content":{"rendered":"\n<figure class=\"wp-block-image\"><img loading=\"lazy\" decoding=\"async\" width=\"1066\" height=\"1000\" src=\"https:\/\/musiikkiarkisto.fi\/ap\/wp-content\/uploads\/2022\/06\/rauhanmarssi1962iso.jpg\" alt=\"Rauhanmarssi 1962\" class=\"wp-image-1130\" srcset=\"https:\/\/musiikkiarkisto.fi\/ap\/wp-content\/uploads\/2022\/06\/rauhanmarssi1962iso.jpg 1066w, https:\/\/musiikkiarkisto.fi\/ap\/wp-content\/uploads\/2022\/06\/rauhanmarssi1962iso-300x281.jpg 300w, https:\/\/musiikkiarkisto.fi\/ap\/wp-content\/uploads\/2022\/06\/rauhanmarssi1962iso-1024x961.jpg 1024w, https:\/\/musiikkiarkisto.fi\/ap\/wp-content\/uploads\/2022\/06\/rauhanmarssi1962iso-768x720.jpg 768w\" sizes=\"auto, (max-width: 1066px) 100vw, 1066px\" \/><\/figure>\n\n\n\n<p><em>Rauhanmarssi (1962), Kuva: Yrj\u00f6 Lintunen. Kansan Arkisto KansA135135<\/em><em>.<\/em><\/p>\n\n\n\n<h4 class=\"wp-block-heading\"><strong>Vuoden 2025 Pohjoismaiden yhteinen Arkistojen p\u00e4iv\u00e4n teema on:<\/strong> <strong>Luonto ja retkeily.<\/strong><\/h4>\n\n\n\n<p>Arkistojen p\u00e4iv\u00e4n teemaa voi tulkita laajasti ja soveltaa vapaasti omien l\u00e4ht\u00f6kohtien mukaan. Kest\u00e4v\u00e4n kehityksen teemaa voidaan l\u00e4hesty\u00e4 sek\u00e4 aineistojen ett\u00e4 arkiston toiminnan n\u00e4k\u00f6kulmasta. Vain mielikuvitus on rajoitteena!<\/p>\n\n\n\n<p>Arkistojen p\u00e4iv\u00e4\u00e4 vietet\u00e4\u00e4n marraskuun toisena lauantaina. Ajankohta ei ole sitova \u2013 p\u00e4iv\u00e4\u00e4 voi hyvin viett\u00e4\u00e4 esimerkiksi jonain arkip\u00e4iv\u00e4n\u00e4 edelt\u00e4v\u00e4ll\u00e4 tai seuraavalla viikolla.<\/p>\n\n\n\n<h5 class=\"wp-block-heading\"><strong>Aikaisemmat teemat<\/strong><\/h5>\n\n\n\n<p><strong>1998<\/strong>&nbsp;Arkivens Dag (Arkistojen p\u00e4iv\u00e4)<\/p>\n\n\n\n<p><strong>1999<\/strong>&nbsp;M\u00e4nniskor i sekelskiftet (Ihmisi\u00e4 vuosisadan&nbsp;vaihteessa)<\/p>\n\n\n\n<p><strong>2000<\/strong>&nbsp;Skola, folkbildning, utbildning, (Koulu, kansanopetus,&nbsp;sivistys)<\/p>\n\n\n\n<p><strong>2001<\/strong>&nbsp;K\u00e4rlek i arkiven (Rakkaus arkistoissa)<\/p>\n\n\n\n<p><strong>2002&nbsp;<\/strong>Skandaler \/ Alettiin viett\u00e4\u00e4 Suomessa teemana Lapsi ja lapsuuden historia<\/p>\n\n\n\n<p><strong>2003<\/strong>&nbsp;Urheilu, kulttuuri, terveys<\/p>\n\n\n\n<p><strong>2004<\/strong>&nbsp;Julkiset paikat<\/p>\n\n\n\n<p><strong>2005<\/strong>&nbsp;Identiteetti<\/p>\n\n\n\n<p><strong>2006<\/strong>&nbsp;Demokratia ja\/tai maahanmuuttajat<\/p>\n\n\n\n<p><strong>2007<\/strong>&nbsp;Ihminen arkistossa<\/p>\n\n\n\n<p><strong>2008<\/strong>&nbsp;Muuttuva kuva<\/p>\n\n\n\n<p><strong>2009<\/strong>&nbsp;Unohdus<\/p>\n\n\n\n<p><strong>2010<\/strong>&nbsp;S\u00e4\u00e4 ja ilmasto<\/p>\n\n\n\n<p><strong>2011&nbsp;<\/strong>Avoimuus<\/p>\n\n\n\n<p><strong>2012 <\/strong>Muoto<\/p>\n\n\n\n<p><strong>2013<\/strong> Matka<\/p>\n\n\n\n<p><strong>2014<\/strong> Tunteet<\/p>\n\n\n\n<p><strong>2015<\/strong> Rajattomuus<\/p>\n\n\n\n<p><strong>2016<\/strong> Sananvapaus<\/p>\n\n\n\n<p><strong>2017<\/strong> Suomi 100<\/p>\n\n\n\n<p><strong>2018<\/strong>&nbsp;Arkistot, yhteinen kulttuuriperint\u00f6mme<\/p>\n\n\n\n<p><strong>2019<\/strong>&nbsp;Vaiettu tai unohdettu<\/p>\n\n\n\n<p><strong>2020<\/strong>&nbsp;Kulkutaudit<\/p>\n\n\n\n<p><strong>2021<\/strong>&nbsp;Lapset arkistossa<\/p>\n\n\n\n<p><strong>2022<\/strong> Rauha ja yst\u00e4vyys<\/p>\n\n\n\n<p><strong>2023<\/strong> Arkistot ja el\u00e4imet<\/p>\n\n\n\n<p><strong>2024 <\/strong>Arkistot ja kest\u00e4v\u00e4 kehitys<\/p>\n","protected":false},"excerpt":{"rendered":"<p>Rauhanmarssi (1962), Kuva: Yrj\u00f6 Lintunen. Kansan Arkisto KansA135135. Vuoden 2025 Pohjoismaiden yhteinen Arkistojen p\u00e4iv\u00e4n teema on: Luonto ja retkeily. Arkistojen p\u00e4iv\u00e4n teemaa voi tulkita laajasti ja soveltaa vapaasti omien l\u00e4ht\u00f6kohtien mukaan. Kest\u00e4v\u00e4n kehityksen teemaa voidaan l\u00e4hesty\u00e4 sek\u00e4 aineistojen ett\u00e4 arkiston toiminnan n\u00e4k\u00f6kulmasta. Vain mielikuvitus on rajoitteena! Arkistojen p\u00e4iv\u00e4\u00e4 vietet\u00e4\u00e4n marraskuun toisena lauantaina. Ajankohta ei ole [&hellip;]<\/p>\n","protected":false},"author":1,"featured_media":0,"parent":0,"menu_order":0,"comment_status":"closed","ping_status":"closed","template":"","meta":{"footnotes":""},"class_list":["post-44","page","type-page","status-publish","hentry"],"_links":{"self":[{"href":"https:\/\/musiikkiarkisto.fi\/ap\/index.php\/wp-json\/wp\/v2\/pages\/44","targetHints":{"allow":["GET"]}}],"collection":[{"href":"https:\/\/musiikkiarkisto.fi\/ap\/index.php\/wp-json\/wp\/v2\/pages"}],"about":[{"href":"https:\/\/musiikkiarkisto.fi\/ap\/index.php\/wp-json\/wp\/v2\/types\/page"}],"author":[{"embeddable":true,"href":"https:\/\/musiikkiarkisto.fi\/ap\/index.php\/wp-json\/wp\/v2\/users\/1"}],"replies":[{"embeddable":true,"href":"https:\/\/musiikkiarkisto.fi\/ap\/index.php\/wp-json\/wp\/v2\/comments?post=44"}],"version-history":[{"count":17,"href":"https:\/\/musiikkiarkisto.fi\/ap\/index.php\/wp-json\/wp\/v2\/pages\/44\/revisions"}],"predecessor-version":[{"id":1318,"href":"https:\/\/musiikkiarkisto.fi\/ap\/index.php\/wp-json\/wp\/v2\/pages\/44\/revisions\/1318"}],"wp:attachment":[{"href":"https:\/\/musiikkiarkisto.fi\/ap\/index.php\/wp-json\/wp\/v2\/media?parent=44"}],"curies":[{"name":"wp","href":"https:\/\/api.w.org\/{rel}","templated":true}]}}