{"id":44,"date":"2011-07-08T03:25:58","date_gmt":"2011-07-08T03:25:58","guid":{"rendered":"http:\/\/www.archives.local\/?page_id=44"},"modified":"2026-08-31T14:34:45","modified_gmt":"2026-08-31T14:34:45","slug":"vuoden-teema","status":"publish","type":"page","link":"https:\/\/musiikkiarkisto.fi\/ap\/index.php\/vuoden-teema\/","title":{"rendered":"Vuoden teema"},"content":{"rendered":"\n<figure class=\"wp-block-image\"><img loading=\"lazy\" decoding=\"async\" width=\"1066\" height=\"1000\" src=\"https:\/\/musiikkiarkisto.fi\/ap\/wp-content\/uploads\/2022\/06\/rauhanmarssi1962iso.jpg\" alt=\"Rauhanmarssi 1962\" class=\"wp-image-1130\" srcset=\"https:\/\/musiikkiarkisto.fi\/ap\/wp-content\/uploads\/2022\/06\/rauhanmarssi1962iso.jpg 1066w, https:\/\/musiikkiarkisto.fi\/ap\/wp-content\/uploads\/2022\/06\/rauhanmarssi1962iso-300x281.jpg 300w, https:\/\/musiikkiarkisto.fi\/ap\/wp-content\/uploads\/2022\/06\/rauhanmarssi1962iso-1024x961.jpg 1024w, https:\/\/musiikkiarkisto.fi\/ap\/wp-content\/uploads\/2022\/06\/rauhanmarssi1962iso-768x720.jpg 768w\" sizes=\"auto, (max-width: 1066px) 100vw, 1066px\" \/><\/figure>\n\n\n\n<p class=\"wp-block-paragraph\"><em>Rauhanmarssi (1962), Kuva: Yrj\u00f6 Lintunen. Kansan Arkisto KansA135135<\/em><em>.<\/em><\/p>\n\n\n\n<h4 class=\"wp-block-heading\"><strong>Vuoden 2026 Arkistojen p\u00e4iv\u00e4n teema on:<\/strong> <strong><strong>Arkistot ja kansalaisyhteiskunta<\/strong>.<\/strong><\/h4>\n\n\n\n<p class=\"wp-block-paragraph\">Kutsumme kaikki Suomen arkistot j\u00e4rjest\u00e4m\u00e4\u00e4n vuoden 2026 Arkistojen p\u00e4iv\u00e4\u00e4n liittyv\u00e4\u00e4 toimintaa ja tapahtumia.&nbsp;<\/p>\n\n\n\n<p class=\"wp-block-paragraph\">T\u00e4m\u00e4n vuoden teema on: \u201dArkistot ja kansalaisyhteiskunta\u201d. Arkistojen p\u00e4iv\u00e4n teemaa voi tulkita laajasti ja soveltaa vapaasti omien l\u00e4ht\u00f6kohtien mukaan. Vain mielikuvitus on rajoitteena!<\/p>\n\n\n\n<p class=\"wp-block-paragraph\">Arkistojen p\u00e4iv\u00e4\u00e4 vietet\u00e4\u00e4n 14.11.2026. Ajankohta ei ole sitova \u2013 p\u00e4iv\u00e4\u00e4 voi hyvin viett\u00e4\u00e4 esimerkiksi jonain arkip\u00e4iv\u00e4n\u00e4 edelt\u00e4v\u00e4n\u00e4 tai seuraavalla viikolla.<\/p>\n\n\n\n<h5 class=\"wp-block-heading\"><strong>Aikaisemmat teemat<\/strong><\/h5>\n\n\n\n<p class=\"wp-block-paragraph\"><strong>1998<\/strong>&nbsp;Arkivens Dag (Arkistojen p\u00e4iv\u00e4)<\/p>\n\n\n\n<p class=\"wp-block-paragraph\"><strong>1999<\/strong>&nbsp;M\u00e4nniskor i sekelskiftet (Ihmisi\u00e4 vuosisadan&nbsp;vaihteessa)<\/p>\n\n\n\n<p class=\"wp-block-paragraph\"><strong>2000<\/strong>&nbsp;Skola, folkbildning, utbildning, (Koulu, kansanopetus,&nbsp;sivistys)<\/p>\n\n\n\n<p class=\"wp-block-paragraph\"><strong>2001<\/strong>&nbsp;K\u00e4rlek i arkiven (Rakkaus arkistoissa)<\/p>\n\n\n\n<p class=\"wp-block-paragraph\"><strong>2002&nbsp;<\/strong>Skandaler \/ Alettiin viett\u00e4\u00e4 Suomessa teemana Lapsi ja lapsuuden historia<\/p>\n\n\n\n<p class=\"wp-block-paragraph\"><strong>2003<\/strong>&nbsp;Urheilu, kulttuuri, terveys<\/p>\n\n\n\n<p class=\"wp-block-paragraph\"><strong>2004<\/strong>&nbsp;Julkiset paikat<\/p>\n\n\n\n<p class=\"wp-block-paragraph\"><strong>2005<\/strong>&nbsp;Identiteetti<\/p>\n\n\n\n<p class=\"wp-block-paragraph\"><strong>2006<\/strong>&nbsp;Demokratia ja\/tai maahanmuuttajat<\/p>\n\n\n\n<p class=\"wp-block-paragraph\"><strong>2007<\/strong>&nbsp;Ihminen arkistossa<\/p>\n\n\n\n<p class=\"wp-block-paragraph\"><strong>2008<\/strong>&nbsp;Muuttuva kuva<\/p>\n\n\n\n<p class=\"wp-block-paragraph\"><strong>2009<\/strong>&nbsp;Unohdus<\/p>\n\n\n\n<p class=\"wp-block-paragraph\"><strong>2010<\/strong>&nbsp;S\u00e4\u00e4 ja ilmasto<\/p>\n\n\n\n<p class=\"wp-block-paragraph\"><strong>2011&nbsp;<\/strong>Avoimuus<\/p>\n\n\n\n<p class=\"wp-block-paragraph\"><strong>2012 <\/strong>Muoto<\/p>\n\n\n\n<p class=\"wp-block-paragraph\"><strong>2013<\/strong> Matka<\/p>\n\n\n\n<p class=\"wp-block-paragraph\"><strong>2014<\/strong> Tunteet<\/p>\n\n\n\n<p class=\"wp-block-paragraph\"><strong>2015<\/strong> Rajattomuus<\/p>\n\n\n\n<p class=\"wp-block-paragraph\"><strong>2016<\/strong> Sananvapaus<\/p>\n\n\n\n<p class=\"wp-block-paragraph\"><strong>2017<\/strong> Suomi 100<\/p>\n\n\n\n<p class=\"wp-block-paragraph\"><strong>2018<\/strong>&nbsp;Arkistot, yhteinen kulttuuriperint\u00f6mme<\/p>\n\n\n\n<p class=\"wp-block-paragraph\"><strong>2019<\/strong>&nbsp;Vaiettu tai unohdettu<\/p>\n\n\n\n<p class=\"wp-block-paragraph\"><strong>2020<\/strong>&nbsp;Kulkutaudit<\/p>\n\n\n\n<p class=\"wp-block-paragraph\"><strong>2021<\/strong>&nbsp;Lapset arkistossa<\/p>\n\n\n\n<p class=\"wp-block-paragraph\"><strong>2022<\/strong> Rauha ja yst\u00e4vyys<\/p>\n\n\n\n<p class=\"wp-block-paragraph\"><strong>2023<\/strong> Arkistot ja el\u00e4imet<\/p>\n\n\n\n<p class=\"wp-block-paragraph\"><strong>2024 <\/strong>Arkistot ja kest\u00e4v\u00e4 kehitys<\/p>\n\n\n\n<p class=\"wp-block-paragraph\"><strong>2025<\/strong> Luonto ja retkeily<\/p>\n","protected":false},"excerpt":{"rendered":"<p>Rauhanmarssi (1962), Kuva: Yrj\u00f6 Lintunen. Kansan Arkisto KansA135135. Vuoden 2026 Arkistojen p\u00e4iv\u00e4n teema on: Arkistot ja kansalaisyhteiskunta. Kutsumme kaikki Suomen arkistot j\u00e4rjest\u00e4m\u00e4\u00e4n vuoden 2026 Arkistojen p\u00e4iv\u00e4\u00e4n liittyv\u00e4\u00e4 toimintaa ja tapahtumia.&nbsp; T\u00e4m\u00e4n vuoden teema on: \u201dArkistot ja kansalaisyhteiskunta\u201d. Arkistojen p\u00e4iv\u00e4n teemaa voi tulkita laajasti ja soveltaa vapaasti omien l\u00e4ht\u00f6kohtien mukaan. Vain mielikuvitus on rajoitteena! Arkistojen p\u00e4iv\u00e4\u00e4 [&hellip;]<\/p>\n","protected":false},"author":1,"featured_media":0,"parent":0,"menu_order":0,"comment_status":"closed","ping_status":"closed","template":"","meta":{"footnotes":""},"class_list":["post-44","page","type-page","status-publish","hentry"],"_links":{"self":[{"href":"https:\/\/musiikkiarkisto.fi\/ap\/index.php\/wp-json\/wp\/v2\/pages\/44","targetHints":{"allow":["GET"]}}],"collection":[{"href":"https:\/\/musiikkiarkisto.fi\/ap\/index.php\/wp-json\/wp\/v2\/pages"}],"about":[{"href":"https:\/\/musiikkiarkisto.fi\/ap\/index.php\/wp-json\/wp\/v2\/types\/page"}],"author":[{"embeddable":true,"href":"https:\/\/musiikkiarkisto.fi\/ap\/index.php\/wp-json\/wp\/v2\/users\/1"}],"replies":[{"embeddable":true,"href":"https:\/\/musiikkiarkisto.fi\/ap\/index.php\/wp-json\/wp\/v2\/comments?post=44"}],"version-history":[{"count":19,"href":"https:\/\/musiikkiarkisto.fi\/ap\/index.php\/wp-json\/wp\/v2\/pages\/44\/revisions"}],"predecessor-version":[{"id":1343,"href":"https:\/\/musiikkiarkisto.fi\/ap\/index.php\/wp-json\/wp\/v2\/pages\/44\/revisions\/1343"}],"wp:attachment":[{"href":"https:\/\/musiikkiarkisto.fi\/ap\/index.php\/wp-json\/wp\/v2\/media?parent=44"}],"curies":[{"name":"wp","href":"https:\/\/api.w.org\/{rel}","templated":true}]}}